{"id":6939,"date":"2024-08-09T21:20:51","date_gmt":"2024-08-10T03:20:51","guid":{"rendered":"https:\/\/www.de-paseo.com\/queretaro\/?post_type=citadela-item&#038;p=6939"},"modified":"2026-06-02T18:49:00","modified_gmt":"2026-06-03T00:49:00","slug":"centro-de-las-artes-de-queretaro-ceart","status":"publish","type":"citadela-item","link":"https:\/\/www.de-paseo.com\/queretaro\/item\/centro-de-las-artes-de-queretaro-ceart\/","title":{"rendered":"Centro de las Artes de Quer\u00e9taro CEART"},"content":{"rendered":"<p>&#8220;Cuando uno visita este espacio lleno de cultura no puede dejar de admirarse su bella fuente en el patio central, sus bellas arcadas y sus detalles arquitect\u00f3nicos.<\/p>\n<p>Despu\u00e9s de una cuidadosa remodelaci\u00f3n de lo que fuera el edificio que correspondi\u00f3 al Real Colegio de Santa Rosa de Viterbo, el Centro de las Artes de Quer\u00e9taro, tambi\u00e9n conocido como CEART, comenz\u00f3 a funcionar en el 2011, ofreciendo diversas actividades culturales. Cuenta con un museo de sitio, salas de donde se pueden apreciar diferentes exposiciones temporales, auditorio, y adem\u00e1s se organizan presentaciones de libros, ciclos de cine, exposiciones de fotograf\u00eda, talleres y cursos y diversas actividades culturales m\u00e1s relacionadas a las artes esc\u00e9nicas y visuales.<\/p>\n<div id='gallery-1' class='gallery galleryid-6939 gallery-columns-2 gallery-size-citadela_service'><figure class='gallery-item'>\n\t\t\t<div class='gallery-icon portrait'>\n\t\t\t\t<a href='https:\/\/www.de-paseo.com\/queretaro\/wp-content\/uploads\/2024\/08\/ceart-vertical-2.jpg'><img loading=\"lazy\" decoding=\"async\" width=\"433\" height=\"360\" src=\"https:\/\/www.de-paseo.com\/queretaro\/wp-content\/uploads\/2024\/08\/ceart-vertical-2-433x360.jpg\" class=\"attachment-citadela_service size-citadela_service\" alt=\"\" \/><\/a>\n\t\t\t<\/div><\/figure><figure class='gallery-item'>\n\t\t\t<div class='gallery-icon portrait'>\n\t\t\t\t<a href='https:\/\/www.de-paseo.com\/queretaro\/wp-content\/uploads\/2024\/08\/ceart-vertical3.jpg'><img loading=\"lazy\" decoding=\"async\" width=\"433\" height=\"360\" src=\"https:\/\/www.de-paseo.com\/queretaro\/wp-content\/uploads\/2024\/08\/ceart-vertical3-433x360.jpg\" class=\"attachment-citadela_service size-citadela_service\" alt=\"\" \/><\/a>\n\t\t\t<\/div><\/figure>\n\t\t<\/div>\n\n<p><strong>HISTORIA<\/strong><\/p>\n<p>El templo y ex convento de Santa Rosa de Viterbo es un extraordinario ejemplo del barroco mexicano, y uno de los m\u00e1s representativos de nuestro Estado gracias a su arquitectura. La parte del monasterio comenz\u00f3 a funcionar en 1727, tras haber sido reconocido por el Rey Felipe V de Espa\u00f1a, a petici\u00f3n del Virrey Don Juan de Acu\u00f1a.<\/p>\n<div id='gallery-2' class='gallery galleryid-6939 gallery-columns-2 gallery-size-citadela_service'><figure class='gallery-item'>\n\t\t\t<div class='gallery-icon landscape'>\n\t\t\t\t<a href='https:\/\/www.de-paseo.com\/queretaro\/wp-content\/uploads\/2024\/08\/ceart-arcada-patio-interior-2024.jpg'><img loading=\"lazy\" decoding=\"async\" width=\"480\" height=\"360\" src=\"https:\/\/www.de-paseo.com\/queretaro\/wp-content\/uploads\/2024\/08\/ceart-arcada-patio-interior-2024-480x360.jpg\" class=\"attachment-citadela_service size-citadela_service\" alt=\"\" \/><\/a>\n\t\t\t<\/div><\/figure><figure class='gallery-item'>\n\t\t\t<div class='gallery-icon landscape'>\n\t\t\t\t<a href='https:\/\/www.de-paseo.com\/queretaro\/wp-content\/uploads\/2024\/08\/ceart-jardin-2024.jpg'><img loading=\"lazy\" decoding=\"async\" width=\"480\" height=\"360\" src=\"https:\/\/www.de-paseo.com\/queretaro\/wp-content\/uploads\/2024\/08\/ceart-jardin-2024-480x360.jpg\" class=\"attachment-citadela_service size-citadela_service\" alt=\"\" \/><\/a>\n\t\t\t<\/div><\/figure>\n\t\t<\/div>\n\n<p><strong>CONCLUSI\u00d3N<\/strong><\/p>\n<p>Descubrir el Centro de las Artes de Quer\u00e9taro es sumergirse en una atm\u00f3sfera donde el pasado colonial y la modernidad art\u00edstica se encuentran. Es un lugar donde cada rinc\u00f3n habla, cada sala cuenta una historia y cada actividad enriquece el alma. No te pierdas la oportunidad de experimentar la belleza y el aprendizaje que este lugar tiene para ofrecer.<\/p>\n","protected":false},"excerpt":{"rendered":"<p>Alojado en el  que fuera el Real Colegio de Santa Rosa de Viterbo, es ahora un emblem\u00e1tico sitio de cultura y arte que ha enriquecido la vida cultural de Quer\u00e9taro<\/p>\n","protected":false},"author":2,"featured_media":6941,"menu_order":0,"comment_status":"open","ping_status":"closed","template":"","citadela-item-category":[389],"citadela-item-location":[392],"class_list":["post-6939","citadela-item","type-citadela-item","status-publish","has-post-thumbnail","hentry","citadela-item-category-museos-y-galerias","citadela-item-location-centro-historico-queretaro"],"acf":{"mood_principal":["cultural","turistico"],"estilo":["educativo","historico","instagrameable"],"momento_ideal":["fin_de_semana","plan_cultural","plan_familiar"],"horario_recomendado":["manana","tarde"],"vocacion_turistica":"mixto","prioridad_comercial":"muy_recomendado"},"yoast_head":"<!-- This site is optimized with the Yoast SEO plugin v28.4 - https:\/\/yoast.com\/product\/yoast-seo-wordpress\/ -->\n<title>Centro de las Artes de Quer\u00e9taro CEART<\/title>\n<meta name=\"description\" content=\"El Centro de las Artess de Quer\u00e9taro, tambi\u00e9n conocido como CEART es hoy un emblem\u00e1tico centro cultural en Quer\u00e9taro\" \/>\n<meta name=\"robots\" content=\"index, follow, max-snippet:-1, max-image-preview:large, max-video-preview:-1\" \/>\n<link rel=\"canonical\" href=\"https:\/\/www.de-paseo.com\/queretaro\/item\/centro-de-las-artes-de-queretaro-ceart\/\" \/>\n<meta property=\"og:locale\" content=\"es_MX\" \/>\n<meta property=\"og:type\" content=\"article\" \/>\n<meta property=\"og:title\" content=\"Centro de las Artes de Quer\u00e9taro CEART\" \/>\n<meta property=\"og:description\" content=\"El Centro de las Artess de Quer\u00e9taro, tambi\u00e9n conocido como CEART es hoy un emblem\u00e1tico centro cultural en Quer\u00e9taro\" \/>\n<meta property=\"og:url\" content=\"https:\/\/www.de-paseo.com\/queretaro\/item\/centro-de-las-artes-de-queretaro-ceart\/\" \/>\n<meta property=\"og:site_name\" content=\"QUER\u00c9TARO\" \/>\n<meta property=\"article:publisher\" content=\"https:\/\/www.facebook.com\/depaseocom\/\" \/>\n<meta property=\"article:modified_time\" content=\"2026-06-03T00:49:00+00:00\" \/>\n<meta property=\"og:image\" content=\"https:\/\/www.de-paseo.com\/queretaro\/wp-content\/uploads\/2024\/08\/ceart-destacada2024.jpg\" \/>\n\t<meta property=\"og:image:width\" content=\"650\" \/>\n\t<meta property=\"og:image:height\" content=\"434\" \/>\n\t<meta property=\"og:image:type\" content=\"image\/jpeg\" \/>\n<meta name=\"twitter:card\" content=\"summary_large_image\" \/>\n<meta name=\"twitter:label1\" content=\"Tiempo de lectura\" \/>\n\t<meta name=\"twitter:data1\" content=\"2 minutos\" \/>\n<script type=\"application\/ld+json\" class=\"yoast-schema-graph\">{\"@context\":\"https:\\\/\\\/schema.org\",\"@graph\":[{\"@type\":\"WebPage\",\"@id\":\"https:\\\/\\\/www.de-paseo.com\\\/queretaro\\\/item\\\/centro-de-las-artes-de-queretaro-ceart\\\/\",\"url\":\"https:\\\/\\\/www.de-paseo.com\\\/queretaro\\\/item\\\/centro-de-las-artes-de-queretaro-ceart\\\/\",\"name\":\"Centro de las Artes de Quer\u00e9taro CEART\",\"isPartOf\":{\"@id\":\"https:\\\/\\\/www.de-paseo.com\\\/queretaro\\\/#website\"},\"primaryImageOfPage\":{\"@id\":\"https:\\\/\\\/www.de-paseo.com\\\/queretaro\\\/item\\\/centro-de-las-artes-de-queretaro-ceart\\\/#primaryimage\"},\"image\":{\"@id\":\"https:\\\/\\\/www.de-paseo.com\\\/queretaro\\\/item\\\/centro-de-las-artes-de-queretaro-ceart\\\/#primaryimage\"},\"thumbnailUrl\":\"https:\\\/\\\/www.de-paseo.com\\\/queretaro\\\/wp-content\\\/uploads\\\/2024\\\/08\\\/ceart-destacada2024.jpg\",\"datePublished\":\"2024-08-10T03:20:51+00:00\",\"dateModified\":\"2026-06-03T00:49:00+00:00\",\"description\":\"El Centro de las Artess de Quer\u00e9taro, tambi\u00e9n conocido como CEART es hoy un emblem\u00e1tico centro cultural en Quer\u00e9taro\",\"breadcrumb\":{\"@id\":\"https:\\\/\\\/www.de-paseo.com\\\/queretaro\\\/item\\\/centro-de-las-artes-de-queretaro-ceart\\\/#breadcrumb\"},\"inLanguage\":\"es\",\"potentialAction\":[{\"@type\":\"ReadAction\",\"target\":[\"https:\\\/\\\/www.de-paseo.com\\\/queretaro\\\/item\\\/centro-de-las-artes-de-queretaro-ceart\\\/\"]}]},{\"@type\":\"ImageObject\",\"inLanguage\":\"es\",\"@id\":\"https:\\\/\\\/www.de-paseo.com\\\/queretaro\\\/item\\\/centro-de-las-artes-de-queretaro-ceart\\\/#primaryimage\",\"url\":\"https:\\\/\\\/www.de-paseo.com\\\/queretaro\\\/wp-content\\\/uploads\\\/2024\\\/08\\\/ceart-destacada2024.jpg\",\"contentUrl\":\"https:\\\/\\\/www.de-paseo.com\\\/queretaro\\\/wp-content\\\/uploads\\\/2024\\\/08\\\/ceart-destacada2024.jpg\",\"width\":650,\"height\":434},{\"@type\":\"BreadcrumbList\",\"@id\":\"https:\\\/\\\/www.de-paseo.com\\\/queretaro\\\/item\\\/centro-de-las-artes-de-queretaro-ceart\\\/#breadcrumb\",\"itemListElement\":[{\"@type\":\"ListItem\",\"position\":1,\"name\":\"Inicio\",\"item\":\"https:\\\/\\\/www.de-paseo.com\\\/queretaro\\\/\"},{\"@type\":\"ListItem\",\"position\":2,\"name\":\"Centro de las Artes de Quer\u00e9taro CEART\"}]},{\"@type\":\"WebSite\",\"@id\":\"https:\\\/\\\/www.de-paseo.com\\\/queretaro\\\/#website\",\"url\":\"https:\\\/\\\/www.de-paseo.com\\\/queretaro\\\/\",\"name\":\"de-paseo\",\"description\":\"QUER\u00c9TARO \",\"publisher\":{\"@id\":\"https:\\\/\\\/www.de-paseo.com\\\/queretaro\\\/#organization\"},\"potentialAction\":[{\"@type\":\"SearchAction\",\"target\":{\"@type\":\"EntryPoint\",\"urlTemplate\":\"https:\\\/\\\/www.de-paseo.com\\\/queretaro\\\/?s={search_term_string}\"},\"query-input\":{\"@type\":\"PropertyValueSpecification\",\"valueRequired\":true,\"valueName\":\"search_term_string\"}}],\"inLanguage\":\"es\"},{\"@type\":\"Organization\",\"@id\":\"https:\\\/\\\/www.de-paseo.com\\\/queretaro\\\/#organization\",\"name\":\"de-paseo.com\",\"url\":\"https:\\\/\\\/www.de-paseo.com\\\/queretaro\\\/\",\"logo\":{\"@type\":\"ImageObject\",\"inLanguage\":\"es\",\"@id\":\"https:\\\/\\\/www.de-paseo.com\\\/queretaro\\\/#\\\/schema\\\/logo\\\/image\\\/\",\"url\":\"https:\\\/\\\/www.de-paseo.com\\\/queretaro\\\/wp-content\\\/uploads\\\/2024\\\/08\\\/logo-de-pase-150px.png\",\"contentUrl\":\"https:\\\/\\\/www.de-paseo.com\\\/queretaro\\\/wp-content\\\/uploads\\\/2024\\\/08\\\/logo-de-pase-150px.png\",\"width\":150,\"height\":67,\"caption\":\"de-paseo.com\"},\"image\":{\"@id\":\"https:\\\/\\\/www.de-paseo.com\\\/queretaro\\\/#\\\/schema\\\/logo\\\/image\\\/\"},\"sameAs\":[\"https:\\\/\\\/www.facebook.com\\\/depaseocom\\\/\",\"https:\\\/\\\/www.instagram.com\\\/depaseo\"]}]}<\/script>\n<!-- \/ Yoast SEO plugin. -->","yoast_head_json":{"title":"Centro de las Artes de Quer\u00e9taro CEART","description":"El Centro de las Artess de Quer\u00e9taro, tambi\u00e9n conocido como CEART es hoy un emblem\u00e1tico centro cultural en Quer\u00e9taro","robots":{"index":"index","follow":"follow","max-snippet":"max-snippet:-1","max-image-preview":"max-image-preview:large","max-video-preview":"max-video-preview:-1"},"canonical":"https:\/\/www.de-paseo.com\/queretaro\/item\/centro-de-las-artes-de-queretaro-ceart\/","og_locale":"es_MX","og_type":"article","og_title":"Centro de las Artes de Quer\u00e9taro CEART","og_description":"El Centro de las Artess de Quer\u00e9taro, tambi\u00e9n conocido como CEART es hoy un emblem\u00e1tico centro cultural en Quer\u00e9taro","og_url":"https:\/\/www.de-paseo.com\/queretaro\/item\/centro-de-las-artes-de-queretaro-ceart\/","og_site_name":"QUER\u00c9TARO","article_publisher":"https:\/\/www.facebook.com\/depaseocom\/","article_modified_time":"2026-06-03T00:49:00+00:00","og_image":[{"width":650,"height":434,"url":"https:\/\/www.de-paseo.com\/queretaro\/wp-content\/uploads\/2024\/08\/ceart-destacada2024.jpg","type":"image\/jpeg"}],"twitter_card":"summary_large_image","twitter_misc":{"Tiempo de lectura":"2 minutos"},"schema":{"@context":"https:\/\/schema.org","@graph":[{"@type":"WebPage","@id":"https:\/\/www.de-paseo.com\/queretaro\/item\/centro-de-las-artes-de-queretaro-ceart\/","url":"https:\/\/www.de-paseo.com\/queretaro\/item\/centro-de-las-artes-de-queretaro-ceart\/","name":"Centro de las Artes de Quer\u00e9taro CEART","isPartOf":{"@id":"https:\/\/www.de-paseo.com\/queretaro\/#website"},"primaryImageOfPage":{"@id":"https:\/\/www.de-paseo.com\/queretaro\/item\/centro-de-las-artes-de-queretaro-ceart\/#primaryimage"},"image":{"@id":"https:\/\/www.de-paseo.com\/queretaro\/item\/centro-de-las-artes-de-queretaro-ceart\/#primaryimage"},"thumbnailUrl":"https:\/\/www.de-paseo.com\/queretaro\/wp-content\/uploads\/2024\/08\/ceart-destacada2024.jpg","datePublished":"2024-08-10T03:20:51+00:00","dateModified":"2026-06-03T00:49:00+00:00","description":"El Centro de las Artess de Quer\u00e9taro, tambi\u00e9n conocido como CEART es hoy un emblem\u00e1tico centro cultural en Quer\u00e9taro","breadcrumb":{"@id":"https:\/\/www.de-paseo.com\/queretaro\/item\/centro-de-las-artes-de-queretaro-ceart\/#breadcrumb"},"inLanguage":"es","potentialAction":[{"@type":"ReadAction","target":["https:\/\/www.de-paseo.com\/queretaro\/item\/centro-de-las-artes-de-queretaro-ceart\/"]}]},{"@type":"ImageObject","inLanguage":"es","@id":"https:\/\/www.de-paseo.com\/queretaro\/item\/centro-de-las-artes-de-queretaro-ceart\/#primaryimage","url":"https:\/\/www.de-paseo.com\/queretaro\/wp-content\/uploads\/2024\/08\/ceart-destacada2024.jpg","contentUrl":"https:\/\/www.de-paseo.com\/queretaro\/wp-content\/uploads\/2024\/08\/ceart-destacada2024.jpg","width":650,"height":434},{"@type":"BreadcrumbList","@id":"https:\/\/www.de-paseo.com\/queretaro\/item\/centro-de-las-artes-de-queretaro-ceart\/#breadcrumb","itemListElement":[{"@type":"ListItem","position":1,"name":"Inicio","item":"https:\/\/www.de-paseo.com\/queretaro\/"},{"@type":"ListItem","position":2,"name":"Centro de las Artes de Quer\u00e9taro CEART"}]},{"@type":"WebSite","@id":"https:\/\/www.de-paseo.com\/queretaro\/#website","url":"https:\/\/www.de-paseo.com\/queretaro\/","name":"de-paseo","description":"QUER\u00c9TARO ","publisher":{"@id":"https:\/\/www.de-paseo.com\/queretaro\/#organization"},"potentialAction":[{"@type":"SearchAction","target":{"@type":"EntryPoint","urlTemplate":"https:\/\/www.de-paseo.com\/queretaro\/?s={search_term_string}"},"query-input":{"@type":"PropertyValueSpecification","valueRequired":true,"valueName":"search_term_string"}}],"inLanguage":"es"},{"@type":"Organization","@id":"https:\/\/www.de-paseo.com\/queretaro\/#organization","name":"de-paseo.com","url":"https:\/\/www.de-paseo.com\/queretaro\/","logo":{"@type":"ImageObject","inLanguage":"es","@id":"https:\/\/www.de-paseo.com\/queretaro\/#\/schema\/logo\/image\/","url":"https:\/\/www.de-paseo.com\/queretaro\/wp-content\/uploads\/2024\/08\/logo-de-pase-150px.png","contentUrl":"https:\/\/www.de-paseo.com\/queretaro\/wp-content\/uploads\/2024\/08\/logo-de-pase-150px.png","width":150,"height":67,"caption":"de-paseo.com"},"image":{"@id":"https:\/\/www.de-paseo.com\/queretaro\/#\/schema\/logo\/image\/"},"sameAs":["https:\/\/www.facebook.com\/depaseocom\/","https:\/\/www.instagram.com\/depaseo"]}]}},"_links":{"self":[{"href":"https:\/\/www.de-paseo.com\/queretaro\/wp-json\/wp\/v2\/citadela-item\/6939","targetHints":{"allow":["GET"]}}],"collection":[{"href":"https:\/\/www.de-paseo.com\/queretaro\/wp-json\/wp\/v2\/citadela-item"}],"about":[{"href":"https:\/\/www.de-paseo.com\/queretaro\/wp-json\/wp\/v2\/types\/citadela-item"}],"author":[{"embeddable":true,"href":"https:\/\/www.de-paseo.com\/queretaro\/wp-json\/wp\/v2\/users\/2"}],"replies":[{"embeddable":true,"href":"https:\/\/www.de-paseo.com\/queretaro\/wp-json\/wp\/v2\/comments?post=6939"}],"version-history":[{"count":4,"href":"https:\/\/www.de-paseo.com\/queretaro\/wp-json\/wp\/v2\/citadela-item\/6939\/revisions"}],"predecessor-version":[{"id":29074,"href":"https:\/\/www.de-paseo.com\/queretaro\/wp-json\/wp\/v2\/citadela-item\/6939\/revisions\/29074"}],"wp:featuredmedia":[{"embeddable":true,"href":"https:\/\/www.de-paseo.com\/queretaro\/wp-json\/wp\/v2\/media\/6941"}],"wp:attachment":[{"href":"https:\/\/www.de-paseo.com\/queretaro\/wp-json\/wp\/v2\/media?parent=6939"}],"wp:term":[{"taxonomy":"citadela-item-category","embeddable":true,"href":"https:\/\/www.de-paseo.com\/queretaro\/wp-json\/wp\/v2\/citadela-item-category?post=6939"},{"taxonomy":"citadela-item-location","embeddable":true,"href":"https:\/\/www.de-paseo.com\/queretaro\/wp-json\/wp\/v2\/citadela-item-location?post=6939"}],"curies":[{"name":"wp","href":"https:\/\/api.w.org\/{rel}","templated":true}]}}